{"id":3216,"date":"2018-04-14T13:52:43","date_gmt":"2018-04-14T11:52:43","guid":{"rendered":"http:\/\/casadesign.es\/?page_id=3216"},"modified":"2020-10-15T09:52:19","modified_gmt":"2020-10-15T07:52:19","slug":"cuines","status":"publish","type":"page","link":"https:\/\/casadesign.es\/index.php\/ca\/cuines\/","title":{"rendered":"CUINES"},"content":{"rendered":"<p>[vc_row][vc_column][vc_column_text]<span style=\"font-size: 18px;\">Especialitzat durant m\u00e9s de 20 anys en el disseny de cuina al sud de Fran\u00e7a, us convidem a descobrir els diferents estils i materials per a qualsevol tipus de pressupost i de electrodom\u00e8stics totes marques.<\/span><\/p>\n<p><span style=\"font-size: 18px;\">Passant del modern al disseny a trav\u00e9s del cl\u00e0ssic o el contemporani. Descobrireu en el nostre showroom materials i textures com fenix, formig\u00f3 polit, pol\u00edmer, lacats, fusta, laminats &#8230;<\/span><\/p>\n<p><span style=\"font-size: 18px;\">El nostre enfocament:<\/span><\/p>\n<ul>\n<li><span style=\"font-size: 16px;\">Benvinguda i descobriment de les nostres instal\u00b7lacions.<\/span><\/li>\n<li><span style=\"font-size: 16px;\">Presentaci\u00f3 del nostre grup, els seus productes i serveis.<\/span><\/li>\n<li><span style=\"font-size: 16px;\">Vost\u00e8 assessora i participa en l&rsquo;elecci\u00f3 de materials i colors.<\/span><\/li>\n<li><span style=\"font-size: 16px;\">Realitzaci\u00f3 del mesurament dom\u00e8stic i disseny d&rsquo;un projecte preliminar.<\/span><\/li>\n<li><span style=\"font-size: 16px;\">Presentaci\u00f3 de dibuixos, pl\u00e0nols i el teu 3D.<\/span><\/li>\n<li><span style=\"font-size: 16px;\">Disseny del projecte final.<\/span><\/li>\n<li><span style=\"font-size: 16px;\">Creaci\u00f3 d&rsquo;un fitxer complet que inclogui tots els plans t\u00e8cnics necessaris per a la bona realitzaci\u00f3 del seu projecte<\/span><span style=\"font-size: 16px;\"> i per a la bona execuci\u00f3 de les obres.<\/span><\/li>\n<\/ul>\n<p><span id=\"result_box\" class=\"short_text\" lang=\"ca\"><span class=\"\">Per enviar un fitxer adjunt<\/span><\/span>: contact@casadesign.es[\/vc_column_text][vc_empty_space][vc_zigzag][vc_images_carousel images=\u00a0\u00bb3458,3459,3460&Prime; img_size=\u00a0\u00bbfull\u00a0\u00bb autoplay=\u00a0\u00bbyes\u00a0\u00bb wrap=\u00a0\u00bbyes\u00a0\u00bb][vc_zigzag][vc_images_carousel images=\u00a0\u00bb3559,3560,3561&Prime; img_size=\u00a0\u00bbfull\u00a0\u00bb autoplay=\u00a0\u00bbyes\u00a0\u00bb wrap=\u00a0\u00bbyes\u00a0\u00bb][vc_zigzag][vc_images_carousel images=\u00a0\u00bb3566,3567,3568&Prime; img_size=\u00a0\u00bbfull\u00a0\u00bb autoplay=\u00a0\u00bbyes\u00a0\u00bb wrap=\u00a0\u00bbyes\u00a0\u00bb][\/vc_column][\/vc_row]<\/p>\n","protected":false},"excerpt":{"rendered":"<p>[vc_row][vc_column][vc_column_text]Especialitzat durant m\u00e9s de 20 anys en el disseny de cuina al sud de Fran\u00e7a, us convidem a descobrir els diferents estils i materials per a qualsevol tipus de pressupost i de electrodom\u00e8stics totes marques. Passant del modern al disseny a trav\u00e9s del cl\u00e0ssic o el contemporani. Descobrireu en el nostre showroom materials i textures [&hellip;]<\/p>\n","protected":false},"author":1,"featured_media":4,"parent":0,"menu_order":0,"comment_status":"closed","ping_status":"closed","template":"","meta":[],"_links":{"self":[{"href":"https:\/\/casadesign.es\/index.php\/wp-json\/wp\/v2\/pages\/3216"}],"collection":[{"href":"https:\/\/casadesign.es\/index.php\/wp-json\/wp\/v2\/pages"}],"about":[{"href":"https:\/\/casadesign.es\/index.php\/wp-json\/wp\/v2\/types\/page"}],"author":[{"embeddable":true,"href":"https:\/\/casadesign.es\/index.php\/wp-json\/wp\/v2\/users\/1"}],"replies":[{"embeddable":true,"href":"https:\/\/casadesign.es\/index.php\/wp-json\/wp\/v2\/comments?post=3216"}],"version-history":[{"count":6,"href":"https:\/\/casadesign.es\/index.php\/wp-json\/wp\/v2\/pages\/3216\/revisions"}],"predecessor-version":[{"id":3569,"href":"https:\/\/casadesign.es\/index.php\/wp-json\/wp\/v2\/pages\/3216\/revisions\/3569"}],"wp:featuredmedia":[{"embeddable":true,"href":"https:\/\/casadesign.es\/index.php\/wp-json\/wp\/v2\/media\/4"}],"wp:attachment":[{"href":"https:\/\/casadesign.es\/index.php\/wp-json\/wp\/v2\/media?parent=3216"}],"curies":[{"name":"wp","href":"https:\/\/api.w.org\/{rel}","templated":true}]}}